{"id":7787,"date":"2026-05-28T00:51:29","date_gmt":"2026-05-27T22:51:29","guid":{"rendered":"https:\/\/slams.fr\/blog\/slams-fr-le-journal-de-la-poesie-orale-et-du-slam\/"},"modified":"2026-05-28T00:51:29","modified_gmt":"2026-05-27T22:51:29","slug":"slams-fr-le-journal-de-la-poesie-orale-et-du-slam","status":"publish","type":"page","link":"https:\/\/slams.fr\/blog\/","title":{"rendered":"Slams.fr \u2014 Le journal de la po\u00e9sie orale et du slam"},"content":{"rendered":"\n<section class=\"ab-marquee\" aria-label=\"\u00c0 la une\">\n  <div class=\"ab-marquee__inner\">\n    <div class=\"ab-marquee__label\"><span class=\"ab-marquee__pulse\"><\/span>\u00c0 la une<\/div>\n    <div class=\"ab-marquee__viewport\">\n      <div class=\"ab-marquee__rail\">\n        <a class=\"ab-marquee__item\" href=\"https:\/\/slams.fr\/blog\/top-plateformes-incontournables-pour-ecouter-du-slam-en-audio-immersif-2\/\">Plateformes incontournables pour \u00e9couter du slam en audio immersif<\/a>\n        <a class=\"ab-marquee__item\" href=\"https:\/\/slams.fr\/blog\/le-slam-quand-la-musique-rencontre-la-parole-engagee\/\">Le slam : quand la musique rencontre la parole engag\u00e9e<\/a>\n        <a class=\"ab-marquee__item\" href=\"https:\/\/slams.fr\/blog\/explorer-les-meilleures-banques-de-beats-libres-de-droits-pour-enrichir-vos-creations-slam\/\">Les meilleures banques de beats libres de droits pour vos cr\u00e9ations slam<\/a>\n        <a class=\"ab-marquee__item\" href=\"https:\/\/slams.fr\/blog\/selection-experte-des-blogs-critiques-pour-analyser-les-performances-de-slam\/\">S\u00e9lection des blogs critiques pour analyser les performances de slam<\/a>\n        <a class=\"ab-marquee__item\" href=\"https:\/\/slams.fr\/blog\/comment-ecrire-un-slam-conseils-pour-creer-une-poesie-orale-impactante\/\">Comment \u00e9crire un slam : cr\u00e9er une po\u00e9sie orale impactante<\/a>\n        <a class=\"ab-marquee__item\" href=\"https:\/\/slams.fr\/blog\/category\/a-la-une\/\">\u2192 Toutes les actualit\u00e9s<\/a>\n        <a class=\"ab-marquee__item\" aria-hidden=\"true\" href=\"https:\/\/slams.fr\/blog\/top-plateformes-incontournables-pour-ecouter-du-slam-en-audio-immersif-2\/\">Plateformes incontournables pour \u00e9couter du slam en audio immersif<\/a>\n        <a class=\"ab-marquee__item\" aria-hidden=\"true\" href=\"https:\/\/slams.fr\/blog\/le-slam-quand-la-musique-rencontre-la-parole-engagee\/\">Le slam : quand la musique rencontre la parole engag\u00e9e<\/a>\n        <a class=\"ab-marquee__item\" aria-hidden=\"true\" href=\"https:\/\/slams.fr\/blog\/explorer-les-meilleures-banques-de-beats-libres-de-droits-pour-enrichir-vos-creations-slam\/\">Les meilleures banques de beats libres de droits pour vos cr\u00e9ations slam<\/a>\n        <a class=\"ab-marquee__item\" aria-hidden=\"true\" href=\"https:\/\/slams.fr\/blog\/selection-experte-des-blogs-critiques-pour-analyser-les-performances-de-slam\/\">S\u00e9lection des blogs critiques pour analyser les performances de slam<\/a>\n        <a class=\"ab-marquee__item\" aria-hidden=\"true\" href=\"https:\/\/slams.fr\/blog\/comment-ecrire-un-slam-conseils-pour-creer-une-poesie-orale-impactante\/\">Comment \u00e9crire un slam : cr\u00e9er une po\u00e9sie orale impactante<\/a>\n        <a class=\"ab-marquee__item\" aria-hidden=\"true\" href=\"https:\/\/slams.fr\/blog\/category\/a-la-une\/\">\u2192 Toutes les actualit\u00e9s<\/a>\n      <\/div>\n    <\/div>\n    <span class=\"ab-marquee__edition\">\u00c9dition N\u00b012<\/span>\n  <\/div>\n<\/section>\n<section class=\"ab-masthead\">\n  <div class=\"ab-wrap ab-masthead__row\">\n    <div class=\"ab-masthead__brand\">\n      <span class=\"ab-masthead__sub\">Le journal de la po\u00e9sie orale, du slam et de la sc\u00e8ne<\/span>\n      <h1 class=\"ab-masthead__title\">Slams<span class=\"ab-masthead__dot\">\u00b7<\/span>fr<\/h1>\n    <\/div>\n    <div class=\"ab-masthead__meta\">\n      <div><span class=\"ab-masthead__k\">\u00c9dition<\/span><span class=\"ab-masthead__v\">5 septembre 2026<\/span><\/div>\n      <div><span class=\"ab-masthead__k\">Num\u00e9ro<\/span><span class=\"ab-masthead__v\">N\u00b012<\/span><\/div>\n      <div><span class=\"ab-masthead__k\">Cadence<\/span><span class=\"ab-masthead__v\">1 article \/ semaine<\/span><\/div>\n    <\/div>\n  <\/div>\n<\/section>\n\n\n<!-- HERO ASYM\u00c9TRIQUE 8\/4 avec aside panel -->\n<div class=\"gb-container gb-container-ab-hero-c ab-hero-mount\">\n<div class=\"gb-container gb-container-ab-hero-in\">\n\n\n<div class=\"ab-hero\">\n\n\n<!-- Hero MAIN (article 1) -->\n<style id=\"mc-css\">\n\/* CORE \u2014 mc-wrap = container 1200px CENTERED d\u00e9fensif *\/\n.mc-wrap{max-width:1200px;margin:0 auto;padding:0 24px;box-sizing:border-box;width:100%}\n\/* HERO \u2014 grid 2-col forc\u00e9, image gauche, card droite *\/\n.mc-hero{display:grid !important;grid-template-columns:1.05fr 1fr;gap:44px;align-items:center;margin:44px auto;justify-self:center;background:transparent;width:100%;max-width:100%}\n.mc-hero::before,.mc-hero::after{display:none !important;content:none !important;background:none !important}\n.mc-hero__media{position:relative;aspect-ratio:3\/2;max-height:470px;overflow:hidden;border-radius:8px;background:rgba(0,0,0,.06);width:100%;margin:0;grid-column:1}\n.mc-hero__media::before,.mc-hero__media::after{display:none !important;content:none !important}\n.mc-hero__media img{width:100%;height:100%;object-fit:cover;display:block;filter:none}\n.mc-hero__text{position:relative;grid-column:2;margin:0;background:transparent;padding:0}\n.mc-hero__text::before,.mc-hero__text::after{display:none !important;content:none !important;background:none !important}\n.mc-hero__kicker{font-size:11px;letter-spacing:2.5px;text-transform:uppercase;font-weight:700;opacity:.65;margin-bottom:14px}\n.mc-hero__title{font-size:clamp(28px,3.4vw,46px);line-height:1.08;margin:0 0 16px;font-family:inherit;text-shadow:none}\n.mc-hero__title a{color:inherit;text-decoration:none}\n.mc-hero__excerpt{font-size:16px;line-height:1.6;opacity:.78;margin:0 0 18px;text-shadow:none}\n.mc-hero__byline{font-size:13px;opacity:.6;margin-bottom:16px;text-shadow:none}\n.mc-hero__cta{display:inline-block;font-size:12px;letter-spacing:1.5px;text-transform:uppercase;font-weight:700;text-decoration:none;border-bottom:2px solid currentColor;padding-bottom:3px;color:inherit}\n\/* CARDS \u2014 grid responsive *\/\n.mc-cards{display:grid;gap:34px 28px;margin:8px auto 12px;width:100%}\n.mc-card{display:flex;flex-direction:column}\n.mc-card__media{aspect-ratio:16\/10;overflow:hidden;border-radius:5px;margin-bottom:13px;background:rgba(0,0,0,.06)}\n.mc-card__media img{width:100%;height:100%;object-fit:cover;display:block;transition:transform .5s}\n.mc-card:hover .mc-card__media img{transform:scale(1.04)}\n.mc-card__cat{font-size:10.5px;letter-spacing:1.8px;text-transform:uppercase;font-weight:700;opacity:.65;margin-bottom:6px}\n.mc-card__title{font-size:19px;line-height:1.26;margin:0 0 8px;font-family:inherit}\n.mc-card__title a{color:inherit;text-decoration:none}\n.mc-card__title a:hover{opacity:.7}\n.mc-card__date{font-size:12px;letter-spacing:.5px;opacity:.55;margin:auto 0 0}\n\/* HERO ASIDE variant *\/\n.mc-hero:has(.mc-hero__aside){grid-template-columns:1.15fr 1fr .8fr}\n.mc-hero__aside{border-left:1px solid rgba(128,128,128,.2);padding-left:24px;align-self:stretch}\n.mc-hero__aside-t{font-size:11px;letter-spacing:2px;text-transform:uppercase;font-weight:700;opacity:.6;margin-bottom:16px}\n.mc-aside-item{display:grid;grid-template-columns:64px 1fr;gap:12px;align-items:center;margin-bottom:16px;text-decoration:none;color:inherit}\n.mc-aside-img{display:block;aspect-ratio:1\/1;border-radius:4px;overflow:hidden;background:rgba(0,0,0,.06)}\n.mc-aside-img img{width:100%;height:100%;object-fit:cover;display:block}\n.mc-aside-tt{font-size:13.5px;line-height:1.3}\n.mc-aside-item:hover .mc-aside-tt{opacity:.7}\n\/* ANTI-R\u00c9GRESSION baseline d\u00e9fensive *\/\nbody #right-sidebar,body #left-sidebar,body aside.sidebar,body .widget-area.sidebar{display:none !important}\nbody .content-area,body #primary{float:none !important;width:100% !important;max-width:100% !important}\nbody .site-description,body p.main-title{display:none !important}\n@media(min-width:769px){body .main-navigation .main-nav ul{display:flex !important;flex-wrap:nowrap !important;justify-content:center !important;align-items:center !important;margin:0 !important;padding:0 !important;list-style:none !important}body .main-navigation .main-nav ul li{display:inline-block !important;float:none !important;margin:0 !important}body .main-navigation .main-nav ul li a{display:inline-block !important;padding:10px 14px !important;white-space:nowrap !important}}\n@media(max-width:900px){.mc-hero,.mc-hero:has(.mc-hero__aside){grid-template-columns:1fr;gap:24px}.mc-hero__media,.mc-hero__text{grid-column:auto}.mc-cards{grid-template-columns:1fr 1fr !important}.mc-hero__aside{border-left:none;padding-left:0;border-top:1px solid rgba(128,128,128,.2);padding-top:20px}}\n@media(max-width:560px){.mc-cards{grid-template-columns:1fr !important}}\n<\/style><div class=\"mc-wrap\"><div class=\"ab-hero mc-hero\"><div class=\"ab-hero__media mc-hero__media\"><img decoding=\"async\" src=\"https:\/\/images.pexels.com\/photos\/8043736\/pexels-photo-8043736.jpeg?auto=compress&#038;cs=tinysrgb&#038;fit=crop&#038;h=627&#038;w=1200\" alt=\"L&rsquo;harmonica sur sc\u00e8ne : du blues au slam, un instrument de voix\" loading=\"lazy\" \/><\/div><div class=\"ab-hero__text mc-hero__text\"><div class=\"ab-hero__kicker mc-hero__kicker\">\u00c0 la une<\/div><h2 class=\"ab-hero__title mc-hero__title\"><a href=\"https:\/\/slams.fr\/blog\/a-la-une\/harmonica-sur-scene-blues-slam\/\">L&rsquo;harmonica sur sc\u00e8ne : du blues au slam, un instrument de voix<\/a><\/h2><p class=\"ab-hero__excerpt mc-hero__excerpt\">\u26a1 En bref \u2014 L&rsquo;harmonica n&rsquo;est pas qu&rsquo;un instrument de blues. Sa capacit\u00e9 \u00e0 imiter la voix humaine \u2014 plaintes, cris, chuchotements \u2014 en fait un compagnon naturel des formes parl\u00e9es, du\u2026<\/p><div class=\"ab-hero__byline mc-hero__byline\">Par <strong>Rapha\u00ebl D.<\/strong> \u00b7 R\u00e9daction<\/div><a class=\"ab-hero__cta mc-hero__cta\" href=\"https:\/\/slams.fr\/blog\/a-la-une\/harmonica-sur-scene-blues-slam\/\">Lire l'article \u2192<\/a><\/div><\/div><\/div>\n\n\n<!-- Hero ASIDE (3 mini cards \u00e0 droite) -->\n<div class=\"gb-container gb-container-ab-hero-aside ab-hero__aside\">\n\n\n<div class=\"ab-hero__aside-head\">Aussi \u00e0 lire<\/div>\n\n\n<div class=\"mc-wrap\"><div class=\"ab-cards mc-cards\" style=\"display:grid;grid-template-columns:repeat(3,1fr);gap:32px 28px\"><article class=\"ab-card mc-card\"><div class=\"ab-card__media mc-card__media\"><img decoding=\"async\" src=\"https:\/\/images.pexels.com\/photos\/35575217\/pexels-photo-35575217.jpeg?auto=compress&#038;cs=tinysrgb&#038;fit=crop&#038;h=627&#038;w=1200\" alt=\"Slam et po\u00e9sie : exemple de texte et m\u00e9thode pour \u00e9crire le sien\" loading=\"lazy\" \/><\/div><span class=\"ab-card__cat mc-card__cat\">\u00c0 la une<\/span><h3 class=\"ab-card__title mc-card__title\"><a href=\"https:\/\/slams.fr\/blog\/a-la-une\/slam-poesie-exemple\/\">Slam et po\u00e9sie : exemple de texte et m\u00e9thode pour \u00e9crire le sien<\/a><\/h3><p class=\"ab-card__date mc-card__date\">28 Juil 2026<\/p><\/article><article class=\"ab-card mc-card\"><div class=\"ab-card__media mc-card__media\"><img decoding=\"async\" src=\"https:\/\/images.pexels.com\/photos\/29920213\/pexels-photo-29920213.jpeg?auto=compress&#038;cs=tinysrgb&#038;fit=crop&#038;h=627&#038;w=1200\" alt=\"Sc\u00e8nes ouvertes, tournois de slam : rendre la po\u00e9sie visible sur Google, avec Jimenez Julien\" loading=\"lazy\" \/><\/div><span class=\"ab-card__cat mc-card__cat\">\u00c0 la une<\/span><h3 class=\"ab-card__title mc-card__title\"><a href=\"https:\/\/slams.fr\/blog\/a-la-une\/jimenez-julien-referencement-site-poesie-slam\/\">Sc\u00e8nes ouvertes, tournois de slam : rendre la po\u00e9sie visible sur Google, avec Jimenez Julien<\/a><\/h3><p class=\"ab-card__date mc-card__date\">27 Juil 2026<\/p><\/article><article class=\"ab-card mc-card\"><div class=\"ab-card__media mc-card__media\"><img decoding=\"async\" src=\"https:\/\/images.pexels.com\/photos\/30098562\/pexels-photo-30098562.jpeg?auto=compress&#038;cs=tinysrgb&#038;fit=crop&#038;h=627&#038;w=1200\" alt=\"Votre premier slam : les 12 questions que tout le monde se pose\" loading=\"lazy\" \/><\/div><span class=\"ab-card__cat mc-card__cat\">Premier slam<\/span><h3 class=\"ab-card__title mc-card__title\"><a href=\"https:\/\/slams.fr\/blog\/guides-et-conseils\/premier-slam\/votre-premier-slam-les-12-questions-que-tout-le-monde-se-pose\/\">Votre premier slam : les 12 questions que tout le monde se pose<\/a><\/h3><p class=\"ab-card__date mc-card__date\">17 Juil 2026<\/p><\/article><\/div><\/div>\n\n\n<\/div>\n\n\n<\/div>\n\n\n<\/div>\n<\/div>\n\n<!-- SECTION 02 \u2014 \u00c0 l'affiche -->\n\n<section class=\"ab-section ab-section--paper\">\n  <div class=\"ab-wrap\">\n    <header class=\"ab-section__head\">\n      <span class=\"ab-section__no\">N\u00b0 02<\/span>\n      <h2 class=\"ab-section__title\">Sur la sc\u00e8ne cette semaine<\/h2>\n      <a class=\"ab-section__more\" href=\"https:\/\/slams.fr\/blog\/category\/a-la-une\/\">Toutes les actualit\u00e9s \u2192<\/a>\n    <\/header>\n  <\/div>\n<\/section>\n\n\n<div class=\"gb-container gb-container-ab-recent-c ab-section ab-section--paper\">\n<div class=\"gb-container gb-container-ab-recent-in\">\n<div class=\"mc-wrap\"><div class=\"ab-cards mc-cards\" style=\"display:grid;grid-template-columns:repeat(3,1fr);gap:32px 28px\"><article class=\"ab-card mc-card\"><div class=\"ab-card__media mc-card__media\"><img decoding=\"async\" src=\"https:\/\/images.pexels.com\/photos\/7490739\/pexels-photo-7490739.jpeg?auto=compress&#038;cs=tinysrgb&#038;fit=crop&#038;h=627&#038;w=1200\" alt=\"\u00c9crire un slam pour un mariage ou un anniversaire : comment faire ?\" loading=\"lazy\" \/><\/div><span class=\"ab-card__cat mc-card__cat\">Premier slam<\/span><h3 class=\"ab-card__title mc-card__title\"><a href=\"https:\/\/slams.fr\/blog\/guides-et-conseils\/premier-slam\/ecrire-un-slam-pour-un-mariage-ou-un-anniversaire-comment-faire\/\">\u00c9crire un slam pour un mariage ou un anniversaire : comment faire ?<\/a><\/h3><p class=\"ab-card__date mc-card__date\">17 Juil 2026<\/p><\/article><article class=\"ab-card mc-card\"><div class=\"ab-card__media mc-card__media\"><img decoding=\"async\" src=\"https:\/\/images.pexels.com\/photos\/36395694\/pexels-photo-36395694.jpeg?auto=compress&#038;cs=tinysrgb&#038;fit=crop&#038;h=627&#038;w=1200\" alt=\"Pourquoi Grand Corps Malade s&rsquo;appelle-t-il comme \u00e7a ?\" loading=\"lazy\" \/><\/div><span class=\"ab-card__cat mc-card__cat\">Premier slam<\/span><h3 class=\"ab-card__title mc-card__title\"><a href=\"https:\/\/slams.fr\/blog\/guides-et-conseils\/premier-slam\/pourquoi-grand-corps-malade-sappelle-t-il-comme-ca\/\">Pourquoi Grand Corps Malade s&rsquo;appelle-t-il comme \u00e7a ?<\/a><\/h3><p class=\"ab-card__date mc-card__date\">17 Juil 2026<\/p><\/article><article class=\"ab-card mc-card\"><div class=\"ab-card__media mc-card__media\"><img decoding=\"async\" src=\"https:\/\/images.pexels.com\/photos\/7779298\/pexels-photo-7779298.jpeg?auto=compress&#038;cs=tinysrgb&#038;fit=crop&#038;h=627&#038;w=1200\" alt=\"Comment se passe une sc\u00e8ne ouverte de slam ?\" loading=\"lazy\" \/><\/div><span class=\"ab-card__cat mc-card__cat\">Premier slam<\/span><h3 class=\"ab-card__title mc-card__title\"><a href=\"https:\/\/slams.fr\/blog\/guides-et-conseils\/premier-slam\/comment-se-passe-une-scene-ouverte-de-slam\/\">Comment se passe une sc\u00e8ne ouverte de slam ?<\/a><\/h3><p class=\"ab-card__date mc-card__date\">17 Juil 2026<\/p><\/article><article class=\"ab-card mc-card\"><div class=\"ab-card__media mc-card__media\"><img decoding=\"async\" src=\"https:\/\/images.pexels.com\/photos\/4226215\/pexels-photo-4226215.jpeg?auto=compress&#038;cs=tinysrgb&#038;fit=crop&#038;h=627&#038;w=1200\" alt=\"Comment ne pas stresser avant de slamer devant la classe ?\" loading=\"lazy\" \/><\/div><span class=\"ab-card__cat mc-card__cat\">Premier slam<\/span><h3 class=\"ab-card__title mc-card__title\"><a href=\"https:\/\/slams.fr\/blog\/guides-et-conseils\/premier-slam\/comment-ne-pas-stresser-avant-de-slamer-devant-la-classe\/\">Comment ne pas stresser avant de slamer devant la classe ?<\/a><\/h3><p class=\"ab-card__date mc-card__date\">17 Juil 2026<\/p><\/article><article class=\"ab-card mc-card\"><div class=\"ab-card__media mc-card__media\"><img decoding=\"async\" src=\"https:\/\/images.pexels.com\/photos\/27117282\/pexels-photo-27117282.jpeg?auto=compress&#038;cs=tinysrgb&#038;fit=crop&#038;h=627&#038;w=1200\" alt=\"Comment apprendre son texte de slam par c\u0153ur rapidement ?\" loading=\"lazy\" \/><\/div><span class=\"ab-card__cat mc-card__cat\">Premier slam<\/span><h3 class=\"ab-card__title mc-card__title\"><a href=\"https:\/\/slams.fr\/blog\/guides-et-conseils\/premier-slam\/comment-apprendre-son-texte-de-slam-par-coeur-rapidement\/\">Comment apprendre son texte de slam par c\u0153ur rapidement ?<\/a><\/h3><p class=\"ab-card__date mc-card__date\">17 Juil 2026<\/p><\/article><article class=\"ab-card mc-card\"><div class=\"ab-card__media mc-card__media\"><img decoding=\"async\" src=\"https:\/\/images.pexels.com\/photos\/22931874\/pexels-photo-22931874.jpeg?auto=compress&#038;cs=tinysrgb&#038;fit=crop&#038;h=627&#038;w=1200\" alt=\"Comment est not\u00e9 un slam ? (en tournoi et au coll\u00e8ge)\" loading=\"lazy\" \/><\/div><span class=\"ab-card__cat mc-card__cat\">Premier slam<\/span><h3 class=\"ab-card__title mc-card__title\"><a href=\"https:\/\/slams.fr\/blog\/guides-et-conseils\/premier-slam\/comment-est-note-un-slam-en-tournoi-et-au-college\/\">Comment est not\u00e9 un slam ? (en tournoi et au coll\u00e8ge)<\/a><\/h3><p class=\"ab-card__date mc-card__date\">17 Juil 2026<\/p><\/article><\/div><\/div>\n\n<\/div>\n<\/div>\n\n<!-- SECTION 03 \u2014 RUBRIQUES (dark, big number outline) -->\n\n<section class=\"ab-section ab-section--dark\">\n  <div class=\"ab-wrap\">\n    <header class=\"ab-section__head ab-section__head--dark\">\n      <span class=\"ab-section__no\">N\u00b0 03<\/span>\n      <h2 class=\"ab-section__title\">D\u00e9partements \u00e9ditoriaux<\/h2>\n    <\/header>\n    <nav class=\"ab-depts\">\n      <a class=\"ab-dept\" href=\"https:\/\/slams.fr\/blog\/category\/a-la-une\/\">\n        <span class=\"ab-dept__no\" aria-hidden=\"true\">01<\/span>\n        <div class=\"ab-dept__body\">\n          <h3 class=\"ab-dept__name\">\u00c0 la une<\/h3>\n          <p class=\"ab-dept__desc\">L&rsquo;actu du slam, des sc\u00e8nes ouvertes, des plumes engag\u00e9es<\/p>\n          <span class=\"ab-dept__count\">118 articles \u2192<\/span>\n        <\/div>\n      <\/a>\n      <a class=\"ab-dept\" href=\"https:\/\/slams.fr\/blog\/category\/actualites-du-slam\/\">\n        <span class=\"ab-dept__no\" aria-hidden=\"true\">02<\/span>\n        <div class=\"ab-dept__body\">\n          <h3 class=\"ab-dept__name\">Actualit\u00e9s du slam<\/h3>\n          <p class=\"ab-dept__desc\">Plateaux, slameurs, dates de sc\u00e8ne et tourn\u00e9es<\/p>\n          <span class=\"ab-dept__count\">14 articles \u2192<\/span>\n        <\/div>\n      <\/a>\n      <a class=\"ab-dept\" href=\"https:\/\/slams.fr\/blog\/category\/communaute-et-interviews\/\">\n        <span class=\"ab-dept__no\" aria-hidden=\"true\">03<\/span>\n        <div class=\"ab-dept__body\">\n          <h3 class=\"ab-dept__name\">Communaut\u00e9 &amp; Interviews<\/h3>\n          <p class=\"ab-dept__desc\">Portraits, paroles d&rsquo;auteurs, voix de la sc\u00e8ne<\/p>\n          <span class=\"ab-dept__count\">8 articles \u2192<\/span>\n        <\/div>\n      <\/a>\n      <a class=\"ab-dept\" href=\"https:\/\/slams.fr\/blog\/category\/guides-et-conseils\/\">\n        <span class=\"ab-dept__no\" aria-hidden=\"true\">04<\/span>\n        <div class=\"ab-dept__body\">\n          <h3 class=\"ab-dept__name\">Guides &amp; Conseils<\/h3>\n          <p class=\"ab-dept__desc\">\u00c9criture, prise de parole, ateliers, posture sc\u00e9nique<\/p>\n          <span class=\"ab-dept__count\">5 articles \u2192<\/span>\n        <\/div>\n      <\/a>\n      <a class=\"ab-dept\" href=\"https:\/\/slams.fr\/blog\/category\/critiques-et-analyses\/\">\n        <span class=\"ab-dept__no\" aria-hidden=\"true\">05<\/span>\n        <div class=\"ab-dept__body\">\n          <h3 class=\"ab-dept__name\">Critiques &amp; Analyses<\/h3>\n          <p class=\"ab-dept__desc\">Lectures, d\u00e9cryptages de textes, regards sur la forme<\/p>\n          <span class=\"ab-dept__count\">Voir tout \u2192<\/span>\n        <\/div>\n      <\/a>\n    <\/nav>\n  <\/div>\n<\/section>\n\n<section class=\"ab-section ab-section--paper\">\n  <div class=\"ab-wrap\">\n    <header class=\"ab-section__head\">\n      <span class=\"ab-section__no\">N\u00b0 04<\/span>\n      <h2 class=\"ab-section__title\">\u00c9criture &amp; ateliers<\/h2>\n      <a class=\"ab-section__more\" href=\"https:\/\/slams.fr\/blog\/category\/guides-et-conseils\/\">Voir tout \u2192<\/a>\n    <\/header>\n  <\/div>\n<\/section>\n\n\n<div class=\"gb-container gb-container-ab-cinema-c ab-section ab-section--paper\">\n<div class=\"gb-container gb-container-ab-cinema-in\">\n<div class=\"mc-wrap\"><div class=\"ab-cards mc-cards\" style=\"display:grid;grid-template-columns:repeat(3,1fr);gap:32px 28px\"><article class=\"ab-card mc-card\"><div class=\"ab-card__media mc-card__media\"><img decoding=\"async\" src=\"https:\/\/images.pexels.com\/photos\/8043736\/pexels-photo-8043736.jpeg?auto=compress&#038;cs=tinysrgb&#038;fit=crop&#038;h=627&#038;w=1200\" alt=\"L&rsquo;harmonica sur sc\u00e8ne : du blues au slam, un instrument de voix\" loading=\"lazy\" \/><\/div><span class=\"ab-card__cat mc-card__cat\">\u00c0 la une<\/span><h3 class=\"ab-card__title mc-card__title\"><a href=\"https:\/\/slams.fr\/blog\/a-la-une\/harmonica-sur-scene-blues-slam\/\">L&rsquo;harmonica sur sc\u00e8ne : du blues au slam, un instrument de voix<\/a><\/h3><p class=\"ab-card__date mc-card__date\">3 Ao\u00fbt 2026<\/p><\/article><article class=\"ab-card mc-card\"><div class=\"ab-card__media mc-card__media\"><img decoding=\"async\" src=\"https:\/\/images.pexels.com\/photos\/35575217\/pexels-photo-35575217.jpeg?auto=compress&#038;cs=tinysrgb&#038;fit=crop&#038;h=627&#038;w=1200\" alt=\"Slam et po\u00e9sie : exemple de texte et m\u00e9thode pour \u00e9crire le sien\" loading=\"lazy\" \/><\/div><span class=\"ab-card__cat mc-card__cat\">\u00c0 la une<\/span><h3 class=\"ab-card__title mc-card__title\"><a href=\"https:\/\/slams.fr\/blog\/a-la-une\/slam-poesie-exemple\/\">Slam et po\u00e9sie : exemple de texte et m\u00e9thode pour \u00e9crire le sien<\/a><\/h3><p class=\"ab-card__date mc-card__date\">28 Juil 2026<\/p><\/article><article class=\"ab-card mc-card\"><div class=\"ab-card__media mc-card__media\"><img decoding=\"async\" src=\"https:\/\/images.pexels.com\/photos\/29920213\/pexels-photo-29920213.jpeg?auto=compress&#038;cs=tinysrgb&#038;fit=crop&#038;h=627&#038;w=1200\" alt=\"Sc\u00e8nes ouvertes, tournois de slam : rendre la po\u00e9sie visible sur Google, avec Jimenez Julien\" loading=\"lazy\" \/><\/div><span class=\"ab-card__cat mc-card__cat\">\u00c0 la une<\/span><h3 class=\"ab-card__title mc-card__title\"><a href=\"https:\/\/slams.fr\/blog\/a-la-une\/jimenez-julien-referencement-site-poesie-slam\/\">Sc\u00e8nes ouvertes, tournois de slam : rendre la po\u00e9sie visible sur Google, avec Jimenez Julien<\/a><\/h3><p class=\"ab-card__date mc-card__date\">27 Juil 2026<\/p><\/article><article class=\"ab-card mc-card\"><div class=\"ab-card__media mc-card__media\"><img decoding=\"async\" src=\"https:\/\/images.pexels.com\/photos\/30098562\/pexels-photo-30098562.jpeg?auto=compress&#038;cs=tinysrgb&#038;fit=crop&#038;h=627&#038;w=1200\" alt=\"Votre premier slam : les 12 questions que tout le monde se pose\" loading=\"lazy\" \/><\/div><span class=\"ab-card__cat mc-card__cat\">Premier slam<\/span><h3 class=\"ab-card__title mc-card__title\"><a href=\"https:\/\/slams.fr\/blog\/guides-et-conseils\/premier-slam\/votre-premier-slam-les-12-questions-que-tout-le-monde-se-pose\/\">Votre premier slam : les 12 questions que tout le monde se pose<\/a><\/h3><p class=\"ab-card__date mc-card__date\">17 Juil 2026<\/p><\/article><\/div><\/div>\n\n<\/div>\n<\/div>\n\n<!-- SECTION 05 \u2014 \u00c9DITO Pull-quote -->\n\n<section class=\"ab-edito\">\n  <div class=\"ab-wrap\">\n    <div class=\"ab-edito__row\">\n      <span class=\"ab-edito__no\">N\u00b0 05 \u2014 L&rsquo;\u00e9dito<\/span>\n      <div class=\"ab-edito__main\">\n        <p class=\"ab-edito__pull\">\u00ab&nbsp;Le slam, c&rsquo;est la po\u00e9sie qui descend de l&rsquo;\u00e9tag\u00e8re pour monter sur sc\u00e8ne. Une voix, un micro, trois minutes \u2014 et tout un monde qui s&rsquo;ouvre.&nbsp;\u00bb<\/p>\n        <p class=\"ab-edito__attribution\">Rapha\u00ebl D. \u00b7 R\u00e9dacteur en chef \u00b7 Culture &#038; Cr\u00e9ation<\/p>\n      <\/div>\n      <div class=\"ab-edito__body\">\n        <p>Slams.fr, c&rsquo;est le journal qu&rsquo;on aurait aim\u00e9 lire avant chaque sc\u00e8ne ouverte : une r\u00e9daction qui prend l&rsquo;actu de la po\u00e9sie orale au s\u00e9rieux, mais qui n&rsquo;oublie jamais que ce qu&rsquo;on aime vraiment, c&rsquo;est l&rsquo;histoire qu&rsquo;un texte slam\u00e9 nous raconte.<\/p>\n        <p>On couvre les sc\u00e8nes, on revient sur les figures fondatrices \u2014 de Grand Corps Malade \u00e0 Marc Smith \u2014 on d\u00e9cortique les ateliers d&rsquo;\u00e9criture, on suit les tourn\u00e9es, et on cite nos sources. Pas de critique sponsoris\u00e9e, pas de hype achet\u00e9e : nos analyses sont les n\u00f4tres, et elles sont dat\u00e9es.<\/p>\n      <\/div>\n    <\/div>\n  <\/div>\n<\/section>\n\n<section class=\"ab-section ab-section--paper\">\n  <div class=\"ab-wrap\">\n    <header class=\"ab-section__head\">\n      <span class=\"ab-section__no\">N\u00b0 06<\/span>\n      <h2 class=\"ab-section__title\">Voix de la sc\u00e8ne<\/h2>\n      <a class=\"ab-section__more\" href=\"https:\/\/slams.fr\/blog\/category\/communaute-et-interviews\/\">Voir tout \u2192<\/a>\n    <\/header>\n  <\/div>\n<\/section>\n\n\n<div class=\"gb-container gb-container-ab-series-c ab-section ab-section--paper\">\n<div class=\"gb-container gb-container-ab-series-in\">\n<div class=\"mc-wrap\"><div class=\"ab-cards mc-cards\" style=\"display:grid;grid-template-columns:repeat(3,1fr);gap:32px 28px\"><article class=\"ab-card mc-card\"><div class=\"ab-card__media mc-card__media\"><img decoding=\"async\" src=\"https:\/\/images.pexels.com\/photos\/8043736\/pexels-photo-8043736.jpeg?auto=compress&#038;cs=tinysrgb&#038;fit=crop&#038;h=627&#038;w=1200\" alt=\"L&rsquo;harmonica sur sc\u00e8ne : du blues au slam, un instrument de voix\" loading=\"lazy\" \/><\/div><span class=\"ab-card__cat mc-card__cat\">\u00c0 la une<\/span><h3 class=\"ab-card__title mc-card__title\"><a href=\"https:\/\/slams.fr\/blog\/a-la-une\/harmonica-sur-scene-blues-slam\/\">L&rsquo;harmonica sur sc\u00e8ne : du blues au slam, un instrument de voix<\/a><\/h3><p class=\"ab-card__date mc-card__date\">3 Ao\u00fbt 2026<\/p><\/article><article class=\"ab-card mc-card\"><div class=\"ab-card__media mc-card__media\"><img decoding=\"async\" src=\"https:\/\/images.pexels.com\/photos\/35575217\/pexels-photo-35575217.jpeg?auto=compress&#038;cs=tinysrgb&#038;fit=crop&#038;h=627&#038;w=1200\" alt=\"Slam et po\u00e9sie : exemple de texte et m\u00e9thode pour \u00e9crire le sien\" loading=\"lazy\" \/><\/div><span class=\"ab-card__cat mc-card__cat\">\u00c0 la une<\/span><h3 class=\"ab-card__title mc-card__title\"><a href=\"https:\/\/slams.fr\/blog\/a-la-une\/slam-poesie-exemple\/\">Slam et po\u00e9sie : exemple de texte et m\u00e9thode pour \u00e9crire le sien<\/a><\/h3><p class=\"ab-card__date mc-card__date\">28 Juil 2026<\/p><\/article><article class=\"ab-card mc-card\"><div class=\"ab-card__media mc-card__media\"><img decoding=\"async\" src=\"https:\/\/images.pexels.com\/photos\/29920213\/pexels-photo-29920213.jpeg?auto=compress&#038;cs=tinysrgb&#038;fit=crop&#038;h=627&#038;w=1200\" alt=\"Sc\u00e8nes ouvertes, tournois de slam : rendre la po\u00e9sie visible sur Google, avec Jimenez Julien\" loading=\"lazy\" \/><\/div><span class=\"ab-card__cat mc-card__cat\">\u00c0 la une<\/span><h3 class=\"ab-card__title mc-card__title\"><a href=\"https:\/\/slams.fr\/blog\/a-la-une\/jimenez-julien-referencement-site-poesie-slam\/\">Sc\u00e8nes ouvertes, tournois de slam : rendre la po\u00e9sie visible sur Google, avec Jimenez Julien<\/a><\/h3><p class=\"ab-card__date mc-card__date\">27 Juil 2026<\/p><\/article><article class=\"ab-card mc-card\"><div class=\"ab-card__media mc-card__media\"><img decoding=\"async\" src=\"https:\/\/images.pexels.com\/photos\/30098562\/pexels-photo-30098562.jpeg?auto=compress&#038;cs=tinysrgb&#038;fit=crop&#038;h=627&#038;w=1200\" alt=\"Votre premier slam : les 12 questions que tout le monde se pose\" loading=\"lazy\" \/><\/div><span class=\"ab-card__cat mc-card__cat\">Premier slam<\/span><h3 class=\"ab-card__title mc-card__title\"><a href=\"https:\/\/slams.fr\/blog\/guides-et-conseils\/premier-slam\/votre-premier-slam-les-12-questions-que-tout-le-monde-se-pose\/\">Votre premier slam : les 12 questions que tout le monde se pose<\/a><\/h3><p class=\"ab-card__date mc-card__date\">17 Juil 2026<\/p><\/article><\/div><\/div>\n\n<\/div>\n<\/div>\n\n<!-- SECTION 07 \u2014 RANKING WEEK (top 6 num\u00e9rot\u00e9) -->\n\n<section class=\"ab-section ab-section--paper\">\n  <div class=\"ab-wrap\">\n    <header class=\"ab-section__head\">\n      <span class=\"ab-section__no\">N\u00b0 07<\/span>\n      <h2 class=\"ab-section__title\">Les six textes du moment<\/h2>\n      <a class=\"ab-section__more\" href=\"https:\/\/slams.fr\/blog\/category\/a-la-une\/\">Tous les articles \u2192<\/a>\n    <\/header>\n  <\/div>\n<\/section>\n\n\n<div class=\"gb-container gb-container-ab-rank-c ab-section ab-section--paper\">\n<div class=\"gb-container gb-container-ab-rank-in\">\n<div class=\"mc-wrap\"><div class=\"ab-cards mc-cards\" style=\"display:grid;grid-template-columns:repeat(3,1fr);gap:32px 28px\"><article class=\"ab-card mc-card\"><div class=\"ab-card__media mc-card__media\"><img decoding=\"async\" src=\"https:\/\/images.pexels.com\/photos\/9009502\/pexels-photo-9009502.jpeg?auto=compress&#038;cs=tinysrgb&#038;fit=crop&#038;h=627&#038;w=1200\" alt=\"Le slam, \u00e7a se chante ? Avec ou sans musique ?\" loading=\"lazy\" \/><\/div><span class=\"ab-card__cat mc-card__cat\">Premier slam<\/span><h3 class=\"ab-card__title mc-card__title\"><a href=\"https:\/\/slams.fr\/blog\/guides-et-conseils\/premier-slam\/le-slam-ca-se-chante-avec-ou-sans-musique\/\">Le slam, \u00e7a se chante ? Avec ou sans musique ?<\/a><\/h3><p class=\"ab-card__date mc-card__date\">17 Juil 2026<\/p><\/article><article class=\"ab-card mc-card\"><div class=\"ab-card__media mc-card__media\"><img decoding=\"async\" src=\"https:\/\/images.pexels.com\/photos\/18999478\/pexels-photo-18999478.jpeg?auto=compress&#038;cs=tinysrgb&#038;fit=crop&#038;h=627&#038;w=1200\" alt=\"Comment commencer un slam ? Les premi\u00e8res phrases qui accrochent\" loading=\"lazy\" \/><\/div><span class=\"ab-card__cat mc-card__cat\">Premier slam<\/span><h3 class=\"ab-card__title mc-card__title\"><a href=\"https:\/\/slams.fr\/blog\/guides-et-conseils\/premier-slam\/comment-commencer-un-slam-les-premieres-phrases-qui-accrochent\/\">Comment commencer un slam ? Les premi\u00e8res phrases qui accrochent<\/a><\/h3><p class=\"ab-card__date mc-card__date\">17 Juil 2026<\/p><\/article><article class=\"ab-card mc-card\"><div class=\"ab-card__media mc-card__media\"><img decoding=\"async\" src=\"https:\/\/images.pexels.com\/photos\/8973447\/pexels-photo-8973447.jpeg?auto=compress&#038;cs=tinysrgb&#038;fit=crop&#038;h=627&#038;w=1200\" alt=\"Quel th\u00e8me choisir pour un slam ? 30 id\u00e9es qui fonctionnent\" loading=\"lazy\" \/><\/div><span class=\"ab-card__cat mc-card__cat\">Premier slam<\/span><h3 class=\"ab-card__title mc-card__title\"><a href=\"https:\/\/slams.fr\/blog\/guides-et-conseils\/premier-slam\/quel-theme-choisir-pour-un-slam-30-idees-qui-fonctionnent\/\">Quel th\u00e8me choisir pour un slam ? 30 id\u00e9es qui fonctionnent<\/a><\/h3><p class=\"ab-card__date mc-card__date\">17 Juil 2026<\/p><\/article><article class=\"ab-card mc-card\"><div class=\"ab-card__media mc-card__media\"><img decoding=\"async\" src=\"https:\/\/images.pexels.com\/photos\/38503136\/pexels-photo-38503136.jpeg?auto=compress&#038;cs=tinysrgb&#038;fit=crop&#038;h=627&#038;w=1200\" alt=\"Exemple de slam court : 3 textes simples pour comprendre la structure\" loading=\"lazy\" \/><\/div><span class=\"ab-card__cat mc-card__cat\">Premier slam<\/span><h3 class=\"ab-card__title mc-card__title\"><a href=\"https:\/\/slams.fr\/blog\/guides-et-conseils\/premier-slam\/exemple-de-slam-court-3-textes-simples-pour-comprendre-la-structure\/\">Exemple de slam court : 3 textes simples pour comprendre la structure<\/a><\/h3><p class=\"ab-card__date mc-card__date\">17 Juil 2026<\/p><\/article><article class=\"ab-card mc-card\"><div class=\"ab-card__media mc-card__media\"><img decoding=\"async\" src=\"https:\/\/images.pexels.com\/photos\/10397633\/pexels-photo-10397633.jpeg?auto=compress&#038;cs=tinysrgb&#038;fit=crop&#038;h=627&#038;w=1200\" alt=\"Combien de temps dure un slam (et combien de lignes faut-il \u00e9crire) ?\" loading=\"lazy\" \/><\/div><span class=\"ab-card__cat mc-card__cat\">Premier slam<\/span><h3 class=\"ab-card__title mc-card__title\"><a href=\"https:\/\/slams.fr\/blog\/guides-et-conseils\/premier-slam\/combien-de-temps-dure-un-slam-et-combien-de-lignes-faut-il-ecrire\/\">Combien de temps dure un slam (et combien de lignes faut-il \u00e9crire) ?<\/a><\/h3><p class=\"ab-card__date mc-card__date\">17 Juil 2026<\/p><\/article><article class=\"ab-card mc-card\"><div class=\"ab-card__media mc-card__media\"><img decoding=\"async\" src=\"https:\/\/images.pexels.com\/photos\/31107751\/pexels-photo-31107751.jpeg?auto=compress&#038;cs=tinysrgb&#038;fit=crop&#038;h=627&#038;w=1200\" alt=\"Est-ce qu&rsquo;un slam doit forc\u00e9ment rimer ?\" loading=\"lazy\" \/><\/div><span class=\"ab-card__cat mc-card__cat\">Premier slam<\/span><h3 class=\"ab-card__title mc-card__title\"><a href=\"https:\/\/slams.fr\/blog\/guides-et-conseils\/premier-slam\/est-ce-quun-slam-doit-forcement-rimer\/\">Est-ce qu&rsquo;un slam doit forc\u00e9ment rimer ?<\/a><\/h3><p class=\"ab-card__date mc-card__date\">17 Juil 2026<\/p><\/article><\/div><\/div>\n\n<\/div>\n<\/div>\n\n<!-- SECTION 08 \u2014 NEWSLETTER -->\n\n<section class=\"ab-news\">\n  <div class=\"ab-news__inner\">\n    <span class=\"ab-news__no\">N\u00b0 08 \u2014 La lettre du samedi<\/span>\n    <h2 class=\"ab-news__title\">Le slam, lu en cinq minutes.<\/h2>\n    <p class=\"ab-news__sub\">Une fois par semaine, le samedi matin : nos sc\u00e8nes phares, nos chroniques, nos coups de c\u0153ur d&rsquo;ateliers. Pas d&rsquo;algorithme, pas de buzz, juste la r\u00e9daction.<\/p>\n    <form class=\"ab-news__form\" onsubmit=\"event.preventDefault();this.querySelector('.ab-news__ok').classList.add('show');this.querySelector('input').value='';\">\n      <input type=\"email\" required placeholder=\"votre@email.com\" autocomplete=\"email\">\n      <button type=\"submit\">S&rsquo;abonner \u2192<\/button>\n    <\/form>\n    <p class=\"ab-news__ok\">\u2713 Inscrit. Rendez-vous samedi matin.<\/p>\n    <p class=\"ab-news__legal\">D\u00e9sinscription en un clic. Pas de spam.<\/p>\n  <\/div>\n<\/section>\n\n<!-- SECTION 09 \u2014 TEAM VERTICAL -->\n<section class=\"ab-team\">\n  <div class=\"ab-wrap\">\n    <header class=\"ab-section__head\">\n      <span class=\"ab-section__no\">N\u00b0 09<\/span>\n      <h2 class=\"ab-section__title\">La r\u00e9daction<\/h2>\n    <\/header>\n    <article class=\"ab-team__card\">\n      <div class=\"ab-team__photo\"><img decoding=\"async\" src=\"https:\/\/slams.fr\/blog\/wp-content\/uploads\/2026\/06\/persona_raphael-d.jpg\" alt=\"Rapha\u00ebl D.\" loading=\"lazy\" \/><\/div>\n      <div class=\"ab-team__body\">\n        <p class=\"ab-team__role\">R\u00e9dacteur en chef<\/p>\n        <h3 class=\"ab-team__name\"><a href=\"https:\/\/slams.fr\/blog\/author\/raphael-d\/\">Rapha\u00ebl D.<\/a><\/h3>\n        <p class=\"ab-team__bio\">Rapha\u00ebl couvre la culture depuis une dizaine d&rsquo;ann\u00e9es \u2014 po\u00e9sie orale, slam, s\u00e9ries et cr\u00e9ation. Il replace chaque \u0153uvre dans son contexte, recoupe ses sources et distingue le fait de l&rsquo;interpr\u00e9tation, avec l&rsquo;envie de relier l&rsquo;amateur curieux \u00e0 des univers parfois jug\u00e9s intimidants.<\/p>\n        <ul class=\"ab-team__expertise\">\n          <li><strong>Sc\u00e8ne slam<\/strong> \u2014 plateaux ouverts, comp\u00e9titions, tourn\u00e9es<\/li>\n          <li><strong>\u00c9criture<\/strong> \u2014 ateliers, techniques, posture du texte<\/li>\n          <li><strong>Figures fondatrices<\/strong> \u2014 Grand Corps Malade, Marc Smith, Abd al Malik<\/li>\n          <li><strong>Communaut\u00e9<\/strong> \u2014 interviews, portraits, voix \u00e9mergentes<\/li>\n        <\/ul>\n      <\/div>\n    <\/article>\n  <\/div>\n<\/section>\n\n<!-- SECTION 10 \u2014 STATS BENTO -->\n<section class=\"ab-stats\">\n  <div class=\"ab-wrap\">\n    <header class=\"ab-section__head ab-section__head--dark\">\n      <span class=\"ab-section__no\">N\u00b0 10<\/span>\n      <h2 class=\"ab-section__title\">La r\u00e9daction en chiffres<\/h2>\n    <\/header>\n    <div class=\"ab-bento\">\n      <div class=\"ab-bento__cell ab-bento__cell--hero\">\n        <p class=\"ab-bento__num\">147<span>+<\/span><\/p>\n        <p class=\"ab-bento__label\">Articles publi\u00e9s depuis 2024<\/p>\n        <p class=\"ab-bento__sub\">Une r\u00e9daction, un regard, sept jours d&rsquo;\u00e9coute attentive de la sc\u00e8ne.<\/p>\n      <\/div>\n      <div class=\"ab-bento__cell\">\n        <p class=\"ab-bento__num ab-bento__num--sm\">05<\/p>\n        <p class=\"ab-bento__label\">D\u00e9partements \u00e9ditoriaux<\/p>\n      <\/div>\n      <div class=\"ab-bento__cell\">\n        <p class=\"ab-bento__num ab-bento__num--sm\">1<span>\/sem<\/span><\/p>\n        <p class=\"ab-bento__label\">Cadence de publication<\/p>\n      <\/div>\n      <div class=\"ab-bento__cell\">\n        <p class=\"ab-bento__num ab-bento__num--sm\">2024<\/p>\n        <p class=\"ab-bento__label\">Ann\u00e9e de lancement<\/p>\n      <\/div>\n    <\/div>\n  <\/div>\n<\/section>\n\n<script>\n(function(){\n  document.querySelectorAll('.ab-card').forEach(function(el,i){\n    if(!el.querySelector('.ab-card__num')){\n      var n=document.createElement('span');n.className='ab-card__num';n.textContent=String(i+1).padStart(2,'0');\n      el.insertBefore(n, el.firstChild);\n    }\n  });\n  document.querySelectorAll('.ab-rank__item').forEach(function(el,i){\n    if(!el.querySelector('.ab-rank__no')){\n      var n=document.createElement('span');n.className='ab-rank__no';n.textContent='#'+String(i+1).padStart(2,'0');\n      el.insertBefore(n, el.firstChild);\n    }\n  });\n})();\n<\/script>\n\n","protected":false},"excerpt":{"rendered":"","protected":false},"author":34,"featured_media":0,"parent":0,"menu_order":0,"comment_status":"closed","ping_status":"closed","template":"","meta":{"_acf_changed":false,"manual_indexmenow":false,"indexmenow_id_project":0,"footnotes":""},"class_list":["post-7787","page","type-page","status-publish","hentry","generate-columns","tablet-grid-50","mobile-grid-100","grid-parent","grid-25"],"acf":[],"yoast_head":"<!-- This site is optimized with the Yoast SEO Premium plugin v21.3 (Yoast SEO v26.5) - https:\/\/yoast.com\/wordpress\/plugins\/seo\/ -->\n<title>Slams.fr \u2014 Le journal de la po\u00e9sie orale, du slam et de la sc\u00e8ne<\/title>\n<meta name=\"description\" content=\"Slams.fr couvre la sc\u00e8ne slam fran\u00e7aise : ateliers d \u00e9criture, portraits, interviews, figures fondatrices. Une r\u00e9daction qui prend la po\u00e9sie orale au s\u00e9rieux.\" \/>\n<meta name=\"robots\" content=\"index, follow, max-snippet:-1, max-image-preview:large, max-video-preview:-1\" \/>\n<link rel=\"canonical\" href=\"https:\/\/slams.fr\/blog\/\" \/>\n<meta property=\"og:locale\" content=\"fr_FR\" \/>\n<meta property=\"og:type\" content=\"article\" \/>\n<meta property=\"og:title\" content=\"Slams.fr \u2014 Le journal de la po\u00e9sie orale, du slam et de la sc\u00e8ne\" \/>\n<meta property=\"og:description\" content=\"Slams.fr couvre la sc\u00e8ne slam fran\u00e7aise : ateliers d \u00e9criture, portraits, interviews, figures fondatrices. Une r\u00e9daction qui prend la po\u00e9sie orale au s\u00e9rieux.\" \/>\n<meta property=\"og:url\" content=\"https:\/\/slams.fr\/blog\/\" \/>\n<meta property=\"og:site_name\" content=\"slams\" \/>\n<meta name=\"twitter:card\" content=\"summary_large_image\" \/>\n<script type=\"application\/ld+json\" class=\"yoast-schema-graph\">{\"@context\":\"https:\/\/schema.org\",\"@graph\":[{\"@type\":\"WebPage\",\"@id\":\"https:\/\/slams.fr\/blog\/\",\"url\":\"https:\/\/slams.fr\/blog\/\",\"name\":\"Slams.fr \u2014 Le journal de la po\u00e9sie orale, du slam et de la sc\u00e8ne\",\"isPartOf\":{\"@id\":\"https:\/\/slams.fr\/blog\/#website\"},\"primaryImageOfPage\":{\"@id\":\"https:\/\/slams.fr\/blog\/#primaryimage\"},\"image\":{\"@id\":\"https:\/\/slams.fr\/blog\/#primaryimage\"},\"thumbnailUrl\":\"https:\/\/slams.fr\/blog\/wp-content\/uploads\/2026\/06\/persona_raphael-d.jpg\",\"datePublished\":\"2026-05-27T22:51:29+00:00\",\"description\":\"Slams.fr couvre la sc\u00e8ne slam fran\u00e7aise : ateliers d \u00e9criture, portraits, interviews, figures fondatrices. Une r\u00e9daction qui prend la po\u00e9sie orale au s\u00e9rieux.\",\"inLanguage\":\"fr-FR\",\"potentialAction\":[{\"@type\":\"ReadAction\",\"target\":[\"https:\/\/slams.fr\/blog\/\"]}]},{\"@type\":\"ImageObject\",\"inLanguage\":\"fr-FR\",\"@id\":\"https:\/\/slams.fr\/blog\/#primaryimage\",\"url\":\"https:\/\/slams.fr\/blog\/wp-content\/uploads\/2026\/06\/persona_raphael-d.jpg\",\"contentUrl\":\"https:\/\/slams.fr\/blog\/wp-content\/uploads\/2026\/06\/persona_raphael-d.jpg\",\"width\":512,\"height\":512},{\"@type\":\"WebSite\",\"@id\":\"https:\/\/slams.fr\/blog\/#website\",\"url\":\"https:\/\/slams.fr\/blog\/\",\"name\":\"slams.fr\",\"description\":\"Slams, l&#039;\u00e9nergie des mots en action\",\"publisher\":{\"@id\":\"https:\/\/slams.fr\/blog\/#organization\"},\"alternateName\":\"Slams, l'\u00e9nergie des mots en action\",\"potentialAction\":[{\"@type\":\"SearchAction\",\"target\":{\"@type\":\"EntryPoint\",\"urlTemplate\":\"https:\/\/slams.fr\/blog\/?s={search_term_string}\"},\"query-input\":{\"@type\":\"PropertyValueSpecification\",\"valueRequired\":true,\"valueName\":\"search_term_string\"}}],\"inLanguage\":\"fr-FR\"},{\"@type\":\"Organization\",\"@id\":\"https:\/\/slams.fr\/blog\/#organization\",\"name\":\"Foretsensations.fr\",\"url\":\"https:\/\/slams.fr\/blog\/\",\"logo\":{\"@type\":\"ImageObject\",\"inLanguage\":\"fr-FR\",\"@id\":\"https:\/\/slams.fr\/blog\/#\/schema\/logo\/image\/\",\"url\":\"https:\/\/slams.fr\/blog\/wp-content\/uploads\/2026\/07\/logo-auto-1.png\",\"contentUrl\":\"https:\/\/slams.fr\/blog\/wp-content\/uploads\/2026\/07\/logo-auto-1.png\",\"width\":1024,\"height\":1024,\"caption\":\"Foretsensations.fr\"},\"image\":{\"@id\":\"https:\/\/slams.fr\/blog\/#\/schema\/logo\/image\/\"}}]}<\/script>\n<!-- \/ Yoast SEO Premium plugin. -->","yoast_head_json":{"title":"Slams.fr \u2014 Le journal de la po\u00e9sie orale, du slam et de la sc\u00e8ne","description":"Slams.fr couvre la sc\u00e8ne slam fran\u00e7aise : ateliers d \u00e9criture, portraits, interviews, figures fondatrices. Une r\u00e9daction qui prend la po\u00e9sie orale au s\u00e9rieux.","robots":{"index":"index","follow":"follow","max-snippet":"max-snippet:-1","max-image-preview":"max-image-preview:large","max-video-preview":"max-video-preview:-1"},"canonical":"https:\/\/slams.fr\/blog\/","og_locale":"fr_FR","og_type":"article","og_title":"Slams.fr \u2014 Le journal de la po\u00e9sie orale, du slam et de la sc\u00e8ne","og_description":"Slams.fr couvre la sc\u00e8ne slam fran\u00e7aise : ateliers d \u00e9criture, portraits, interviews, figures fondatrices. Une r\u00e9daction qui prend la po\u00e9sie orale au s\u00e9rieux.","og_url":"https:\/\/slams.fr\/blog\/","og_site_name":"slams","twitter_card":"summary_large_image","schema":{"@context":"https:\/\/schema.org","@graph":[{"@type":"WebPage","@id":"https:\/\/slams.fr\/blog\/","url":"https:\/\/slams.fr\/blog\/","name":"Slams.fr \u2014 Le journal de la po\u00e9sie orale, du slam et de la sc\u00e8ne","isPartOf":{"@id":"https:\/\/slams.fr\/blog\/#website"},"primaryImageOfPage":{"@id":"https:\/\/slams.fr\/blog\/#primaryimage"},"image":{"@id":"https:\/\/slams.fr\/blog\/#primaryimage"},"thumbnailUrl":"https:\/\/slams.fr\/blog\/wp-content\/uploads\/2026\/06\/persona_raphael-d.jpg","datePublished":"2026-05-27T22:51:29+00:00","description":"Slams.fr couvre la sc\u00e8ne slam fran\u00e7aise : ateliers d \u00e9criture, portraits, interviews, figures fondatrices. Une r\u00e9daction qui prend la po\u00e9sie orale au s\u00e9rieux.","inLanguage":"fr-FR","potentialAction":[{"@type":"ReadAction","target":["https:\/\/slams.fr\/blog\/"]}]},{"@type":"ImageObject","inLanguage":"fr-FR","@id":"https:\/\/slams.fr\/blog\/#primaryimage","url":"https:\/\/slams.fr\/blog\/wp-content\/uploads\/2026\/06\/persona_raphael-d.jpg","contentUrl":"https:\/\/slams.fr\/blog\/wp-content\/uploads\/2026\/06\/persona_raphael-d.jpg","width":512,"height":512},{"@type":"WebSite","@id":"https:\/\/slams.fr\/blog\/#website","url":"https:\/\/slams.fr\/blog\/","name":"slams.fr","description":"Slams, l&#039;\u00e9nergie des mots en action","publisher":{"@id":"https:\/\/slams.fr\/blog\/#organization"},"alternateName":"Slams, l'\u00e9nergie des mots en action","potentialAction":[{"@type":"SearchAction","target":{"@type":"EntryPoint","urlTemplate":"https:\/\/slams.fr\/blog\/?s={search_term_string}"},"query-input":{"@type":"PropertyValueSpecification","valueRequired":true,"valueName":"search_term_string"}}],"inLanguage":"fr-FR"},{"@type":"Organization","@id":"https:\/\/slams.fr\/blog\/#organization","name":"Foretsensations.fr","url":"https:\/\/slams.fr\/blog\/","logo":{"@type":"ImageObject","inLanguage":"fr-FR","@id":"https:\/\/slams.fr\/blog\/#\/schema\/logo\/image\/","url":"https:\/\/slams.fr\/blog\/wp-content\/uploads\/2026\/07\/logo-auto-1.png","contentUrl":"https:\/\/slams.fr\/blog\/wp-content\/uploads\/2026\/07\/logo-auto-1.png","width":1024,"height":1024,"caption":"Foretsensations.fr"},"image":{"@id":"https:\/\/slams.fr\/blog\/#\/schema\/logo\/image\/"}}]}},"_links":{"self":[{"href":"https:\/\/slams.fr\/blog\/wp-json\/wp\/v2\/pages\/7787","targetHints":{"allow":["GET"]}}],"collection":[{"href":"https:\/\/slams.fr\/blog\/wp-json\/wp\/v2\/pages"}],"about":[{"href":"https:\/\/slams.fr\/blog\/wp-json\/wp\/v2\/types\/page"}],"author":[{"embeddable":true,"href":"https:\/\/slams.fr\/blog\/wp-json\/wp\/v2\/users\/34"}],"replies":[{"embeddable":true,"href":"https:\/\/slams.fr\/blog\/wp-json\/wp\/v2\/comments?post=7787"}],"version-history":[{"count":0,"href":"https:\/\/slams.fr\/blog\/wp-json\/wp\/v2\/pages\/7787\/revisions"}],"wp:attachment":[{"href":"https:\/\/slams.fr\/blog\/wp-json\/wp\/v2\/media?parent=7787"}],"curies":[{"name":"wp","href":"https:\/\/api.w.org\/{rel}","templated":true}]}}